{"id":31662,"date":"2025-06-23T09:11:14","date_gmt":"2025-06-23T09:11:14","guid":{"rendered":"https:\/\/novumplus.hr\/property\/premium-45-zimmer-wohnung-mit-meerblick-in-podstrana\/"},"modified":"2025-06-23T10:20:10","modified_gmt":"2025-06-23T10:20:10","slug":"premium-45-zimmer-wohnung-mit-meerblick-in-podstrana","status":"publish","type":"estate_property","link":"https:\/\/novumplus.hr\/de\/property\/premium-45-zimmer-wohnung-mit-meerblick-in-podstrana\/","title":{"rendered":"PREMIUM: 4,5 Zimmer Wohnung mit Meerblick in Podstrana"},"content":{"rendered":"\n<h3 class=\"wp-block-heading\">Luxus-Wohnung mit hochwertiger Ausstattung <\/h3>\n\n<p>Entdecken Sie einen raffinierten Lebensstil mit dieser Premium-Wohnung mit drei Schlafzimmern, das perfekt in <a href=\"https:\/\/novumplus.hr\/de\/property_city\/podstrana-de\/\">Podstrana <\/a>in einem luxuri\u00f6sen Wohngeb\u00e4ude liegt. Mit einer Gesamtnettofl\u00e4che von 114 qm bietet diese Wohnung ein ger\u00e4umiges, offenes Konzept, das ein Wohnzimmer und einen Essbereich, eine voll ausgestattete K\u00fcche, zwei moderne B\u00e4der, drei Schlafzimmer, einen Flur und praktischen Stauraum kombiniert. Das Highlight dieser Wohnung mit drei Schlafzimmern ist der spektakul\u00e4re Blick auf das Meer und die Insel. Die Wohnung ist sofort bezugsfertig und verf\u00fcgt \u00fcber eine hochwertige Ausstattung &#8211; ideal f\u00fcr anspruchsvolle K\u00e4ufer und Investoren gleicherma\u00dfen.  <\/p>\n\n<h3 class=\"wp-block-heading\">Top Lage und erstklassiges Wohngeb\u00e4ude<\/h3>\n\n<p>Die Wohnung liegt nur 30 Meter von den Str\u00e4nden von <a href=\"https:\/\/visitpodstrana.hr\/en\/\" target=\"_blank\" rel=\"noopener\">Podstrana <\/a>entfernt und in unmittelbarer N\u00e4he des Luxushotels Le Meridien Lav Split, das ein exklusives Wohnerlebnis am Meer bietet. Das Geb\u00e4ude befindet sich in einer ruhigen, privaten Stra\u00dfe, die nur von wenigen Residenzen geteilt wird, ist sehr gepflegt und bietet ausgezeichnete Sicherheit. Ein klimatisierter Aufzug, der Sie direkt von der Tiefgarage zu Ihrer Wohnungst\u00fcr bringt, sorgt f\u00fcr einen reibungslosen Zugang.  <\/p>\n\n<h3 class=\"wp-block-heading\">Luxuri\u00f6se Ausstattung &amp; Komfort<\/h3>\n\n<p>Das Innere bietet ein elegantes, offenes Wohn- und Esszimmer, das mit italienischen Designerm\u00f6beln und ma\u00dfgefertigten Gegenst\u00e4nden eingerichtet ist. Drei ger\u00e4umige Schlafzimmer und zwei moderne B\u00e4der mit Fu\u00dfbodenheizung sorgen f\u00fcr Komfort und Privatsph\u00e4re. Ma\u00dfgefertigte Schr\u00e4nke, Betten, K\u00fcchenschr\u00e4nke und italienische Einrichtungsgegenst\u00e4nde verbinden Stil und Funktionalit\u00e4t.    <\/p>\n\n<h3 class=\"wp-block-heading\">Erstklassige Au\u00dfen- und Zusatzeinrichtungen<\/h3>\n\n<p>Eines der herausragenden Merkmale ist der gro\u00dfe Balkon bzw. die Terrasse mit 40 qm Au\u00dfenfl\u00e4che. Er ist der perfekte Ort f\u00fcr einen Morgenkaffee oder einfach zum Entspannen, w\u00e4hrend man den ungehinderten Panoramablick auf das Meer und die nahe gelegenen Inseln genie\u00dft. Was dies noch wertvoller macht, ist die Gewissheit, dass kein zuk\u00fcnftiges Bauwerk diesen atemberaubenden Blick versperren kann, was dauerhafte Ruhe und Privatsph\u00e4re garantiert.  <\/p>\n\n<p>Zus\u00e4tzlich zur Terrasse verf\u00fcgt die Wohnung \u00fcber zwei gesicherte Garagenpl\u00e4tze in der Tiefgarage des Geb\u00e4udes mit einer Gesamtfl\u00e4che von 29 qm. Die Garagenebene ist mit einem klimatisierten Aufzug kombiniert, der Sie direkt von der Garage in die Wohnung bringt und ein hohes Ma\u00df an Exklusivit\u00e4t und Bequemlichkeit gew\u00e4hrleistet.<\/p>\n\n<p>Der Eigentumstitel ist sauber und unbelastet &#8211; bereit f\u00fcr den Eigentums\u00fcbergang.<\/p>\n\n<h3 class=\"wp-block-heading\">Warum ist diese Wohnung eine kluge Investition?<\/h3>\n\n<p>Diese Wohnung bietet eine perfekte Mischung aus luxuri\u00f6sem Wohnen und renditestarker Immobilieninvestition. Ganz gleich, ob Sie einen ganzj\u00e4hrigen Wohnsitz, ein Ferienhaus oder eine erstklassige Mietwohnung suchen, sie zeichnet sich aus durch: <\/p>\n\n<ul class=\"wp-block-list\">\n<li>Erstklassige Lage: direkt am Strand, prestigetr\u00e4chtige Umgebung und N\u00e4he zu Split.<\/li>\n\n\n\n<li>Hochwertige Ausstattung: Designerm\u00f6bel, ma\u00dfgefertigte Tischlerarbeiten, Klimatisierung und Fu\u00dfbodenheizung.<\/li>\n\n\n\n<li>Schl\u00fcsselfertiger Zustand: sofortiger Einzug &#8211; keine Renovierung oder Einrichtung erforderlich.<\/li>\n\n\n\n<li>Sicherheit und Privatsph\u00e4re: geschlossene Garage, Stra\u00dfe mit begrenztem Zugang, privater Aufzug.<\/li>\n<\/ul>\n\n<p><\/p>\n\n<h3 class=\"wp-block-heading\">Kontakt &amp; n\u00e4chste Schritte<\/h3>\n\n<p>Interessiert an dieser exquisiten Wohnung in Podstrana? Kontaktieren Sie unser Immobilienb\u00fcro noch heute, um einen exklusiven Besichtigungstermin zu vereinbaren. <\/p>\n\n<p><\/p>\n","protected":false},"excerpt":{"rendered":"<p>Luxus-Wohnung mit hochwertiger Ausstattung Entdecken Sie einen raffinierten Lebensstil mit dieser Premium-Wohnung mit drei Schlafzimmern, das perfekt in Podstrana in einem luxuri\u00f6sen Wohngeb\u00e4ude liegt. Mit einer Gesamtnettofl\u00e4che von 114 qm bietet diese Wohnung ein ger\u00e4umiges, offenes Konzept, das ein Wohnzimmer und einen Essbereich, eine voll ausgestattete K\u00fcche, zwei moderne B\u00e4der, drei Schlafzimmer, einen Flur und praktischen Stauraum kombiniert. Das Highlight dieser Wohnung mit drei &#8230;<\/p>\n","protected":false},"featured_media":32677,"comment_status":"open","ping_status":"closed","template":"","property_category":[175,151],"property_action_category":[407,155],"property_city":[161],"property_area":[],"property_county_state":[97],"property_features":[298,195,249,212,210,244,204,253,215,199,302],"property_status":[156],"class_list":["post-31662","estate_property","type-estate_property","status-publish","has-post-thumbnail","hentry","property_category-kapitalanlage","property_category-wohnung","property_action_category-exklusiv","property_action_category-verkauf","property_city-podstrana-de","property_county_state-croatia","property_features-abstellraum","property_features-ausgestattete-kueche","property_features-balkon-terrasse","property_features-elektrische-rollaeden","property_features-fussbodenheizung-im-bad","property_features-garage-de","property_features-gaeste-wc","property_features-loungemoebel","property_features-moebiliert","property_features-wasch-trockenraum","property_features-zentrale-klimaanlage","property_status-aktiv"],"_links":{"self":[{"href":"https:\/\/novumplus.hr\/de\/wp-json\/wp\/v2\/estate_property\/31662"}],"collection":[{"href":"https:\/\/novumplus.hr\/de\/wp-json\/wp\/v2\/estate_property"}],"about":[{"href":"https:\/\/novumplus.hr\/de\/wp-json\/wp\/v2\/types\/estate_property"}],"replies":[{"embeddable":true,"href":"https:\/\/novumplus.hr\/de\/wp-json\/wp\/v2\/comments?post=31662"}],"wp:featuredmedia":[{"embeddable":true,"href":"https:\/\/novumplus.hr\/de\/wp-json\/wp\/v2\/media\/32677"}],"wp:attachment":[{"href":"https:\/\/novumplus.hr\/de\/wp-json\/wp\/v2\/media?parent=31662"}],"wp:term":[{"taxonomy":"property_category","embeddable":true,"href":"https:\/\/novumplus.hr\/de\/wp-json\/wp\/v2\/property_category?post=31662"},{"taxonomy":"property_action_category","embeddable":true,"href":"https:\/\/novumplus.hr\/de\/wp-json\/wp\/v2\/property_action_category?post=31662"},{"taxonomy":"property_city","embeddable":true,"href":"https:\/\/novumplus.hr\/de\/wp-json\/wp\/v2\/property_city?post=31662"},{"taxonomy":"property_area","embeddable":true,"href":"https:\/\/novumplus.hr\/de\/wp-json\/wp\/v2\/property_area?post=31662"},{"taxonomy":"property_county_state","embeddable":true,"href":"https:\/\/novumplus.hr\/de\/wp-json\/wp\/v2\/property_county_state?post=31662"},{"taxonomy":"property_features","embeddable":true,"href":"https:\/\/novumplus.hr\/de\/wp-json\/wp\/v2\/property_features?post=31662"},{"taxonomy":"property_status","embeddable":true,"href":"https:\/\/novumplus.hr\/de\/wp-json\/wp\/v2\/property_status?post=31662"}],"curies":[{"name":"wp","href":"https:\/\/api.w.org\/{rel}","templated":true}]}}